{"id":421,"date":"2024-04-28T17:26:04","date_gmt":"2024-04-28T15:26:04","guid":{"rendered":"https:\/\/redenjambre.com\/?page_id=421"},"modified":"2024-05-04T17:05:25","modified_gmt":"2024-05-04T15:05:25","slug":"crocancuy","status":"publish","type":"page","link":"https:\/\/redenjambre.com\/index.php\/crocancuy\/","title":{"rendered":"Crocancuy"},"content":{"rendered":"\n<figure class=\"wp-block-image aligncenter size-full\"><img fetchpriority=\"high\" decoding=\"async\" width=\"270\" height=\"313\" src=\"https:\/\/redenjambre.com\/wp-content\/uploads\/2024\/04\/image-4.png\" alt=\"\" class=\"wp-image-422\" srcset=\"https:\/\/redenjambre.com\/wp-content\/uploads\/2024\/04\/image-4.png 270w, https:\/\/redenjambre.com\/wp-content\/uploads\/2024\/04\/image-4-259x300.png 259w\" sizes=\"(max-width: 270px) 100vw, 270px\" \/><\/figure>\n\n\n\n<p><strong>Asociaci\u00f3n<\/strong> <strong>Nueva Revoluci\u00f3n Agroecol\u00f3gica (NURAGRO)<\/strong><\/p>\n\n\n\n<p>Vereda: Madro\u00f1ero<\/p>\n\n\n\n<p>N\u00famero de participantes: 17 familias<\/p>\n\n\n\n<p><strong>Descripci\u00f3n del proceso del emprendimiento:<\/strong><\/p>\n\n\n\n<p>El emprendimiento Crocancuy se origina a partir de un proceso comunitario liderado por la asociaci\u00f3n Nuragro, compuesta por 17 familias. Esta iniciativa se centra en la comercializaci\u00f3n del tradicional plato nari\u00f1ense, el Cuy asado que se destaca por su excelente calidad. El proceso de elaboraci\u00f3n de este producto fortalece los v\u00ednculos sociales tanto entre los miembros de la asociaci\u00f3n durante la preparaci\u00f3n, como en la sociedad en su conjunto, ya que la gastronom\u00eda se convierte en un motivo para convocar y unir a las personas y fortalecer la econom\u00eda local.<\/p>\n\n\n\n<p><strong>Contacto:<\/strong> 314 672 40 18<\/p>\n\n\n\n<figure class=\"wp-block-embed is-type-video is-provider-youtube wp-block-embed-youtube wp-embed-aspect-16-9 wp-has-aspect-ratio\"><div class=\"wp-block-embed__wrapper\">\n<iframe title=\"CROCANCUY, Asociaci\u00f3n Nueva Revoluci\u00f3n Agroecol\u00f3gica, municipio de San Lorenzo.\" width=\"950\" height=\"534\" src=\"https:\/\/www.youtube.com\/embed\/VPCkS1j9TZU?start=1&#038;feature=oembed\" frameborder=\"0\" allow=\"accelerometer; autoplay; clipboard-write; encrypted-media; gyroscope; picture-in-picture; web-share\" referrerpolicy=\"strict-origin-when-cross-origin\" allowfullscreen><\/iframe>\n<\/div><\/figure>\n","protected":false},"excerpt":{"rendered":"<p>Asociaci\u00f3n Nueva Revoluci\u00f3n Agroecol\u00f3gica (NURAGRO) Vereda: Madro\u00f1ero N\u00famero de participantes: 17 familias Descripci\u00f3n del proceso del emprendimiento: El emprendimiento Crocancuy se origina a partir de un proceso comunitario liderado por la asociaci\u00f3n Nuragro, compuesta por 17 familias. Esta iniciativa se centra en la comercializaci\u00f3n del tradicional plato nari\u00f1ense, el Cuy asado que se destaca por &hellip; <\/p>\n<p class=\"link-more\"><a href=\"https:\/\/redenjambre.com\/index.php\/crocancuy\/\" class=\"more-link\">Leer m\u00e1s<span class=\"screen-reader-text\"> \u00abCrocancuy\u00bb<\/span><\/a><\/p>\n","protected":false},"author":1,"featured_media":0,"parent":0,"menu_order":0,"comment_status":"closed","ping_status":"closed","template":"","meta":{"footnotes":""},"jetpack_sharing_enabled":true,"featured_media_urls":[],"_links":{"self":[{"href":"https:\/\/redenjambre.com\/index.php\/wp-json\/wp\/v2\/pages\/421"}],"collection":[{"href":"https:\/\/redenjambre.com\/index.php\/wp-json\/wp\/v2\/pages"}],"about":[{"href":"https:\/\/redenjambre.com\/index.php\/wp-json\/wp\/v2\/types\/page"}],"author":[{"embeddable":true,"href":"https:\/\/redenjambre.com\/index.php\/wp-json\/wp\/v2\/users\/1"}],"replies":[{"embeddable":true,"href":"https:\/\/redenjambre.com\/index.php\/wp-json\/wp\/v2\/comments?post=421"}],"version-history":[{"count":4,"href":"https:\/\/redenjambre.com\/index.php\/wp-json\/wp\/v2\/pages\/421\/revisions"}],"predecessor-version":[{"id":513,"href":"https:\/\/redenjambre.com\/index.php\/wp-json\/wp\/v2\/pages\/421\/revisions\/513"}],"wp:attachment":[{"href":"https:\/\/redenjambre.com\/index.php\/wp-json\/wp\/v2\/media?parent=421"}],"curies":[{"name":"wp","href":"https:\/\/api.w.org\/{rel}","templated":true}]}}